{"id":122,"date":"2018-02-09T16:48:23","date_gmt":"2018-02-09T15:48:23","guid":{"rendered":"http:\/\/www.doreen-gehrke-verlag.de\/?page_id=122"},"modified":"2026-03-14T10:46:59","modified_gmt":"2026-03-14T08:46:59","slug":"anjas-tagebuch-neverland","status":"publish","type":"page","link":"https:\/\/www.doreen-gehrke-verlag.de\/?page_id=122","title":{"rendered":"Anjas Tagebuch &#8211; Neverland"},"content":{"rendered":"<p>[et_pb_section fb_built=&#8220;1&#8243; _builder_version=&#8220;3.22&#8243;][et_pb_row column_structure=&#8220;1_2,1_2&#8243; _builder_version=&#8220;4.5.0&#8243; _module_preset=&#8220;default&#8220;][et_pb_column type=&#8220;1_2&#8243; _builder_version=&#8220;4.5.0&#8243; _module_preset=&#8220;default&#8220;][et_pb_text _builder_version=&#8220;4.8.2&#8243; _module_preset=&#8220;default&#8220;]<\/p>\n<h2 class=\"main\" style=\"text-align: right;\"><strong><\/strong><\/h2>\n<p><strong><\/strong><\/p>\n<h2 class=\"main\" style=\"text-align: right;\"><strong><\/strong><\/h2>\n<h2 class=\"main\" style=\"text-align: right;\"><strong>Anjas Tagebuch &#8211; Neverland<\/strong><\/h2>\n<p style=\"text-align: right;\"><strong>2. Tagebuch<\/strong><\/p>\n<p class=\"main\" style=\"text-align: right;\">Anjas Tagebuch &#8211; Neverland, E-Book, 12+<br \/> EPub 978-3-9822748-3-6<br \/> 3. Auflage<o:p><\/o:p><\/p>\n<p style=\"text-align: right;\">Handel via Tolino GmbH<\/p>\n<p style=\"text-align: right;\">z.B. Kaufen bei<span>\u00a0<\/span><strong><a href=\"https:\/\/www.thalia.de\/shop\/home\/artikeldetails\/A1071164164\" target=\"_blank\" rel=\"noopener noreferrer\">Thalia.de\u00a0<\/a><\/strong><\/p>\n<p style=\"text-align: right;\"><a href=\"https:\/\/www.amazon.de\/Anjas-Tagebuch-Neverland-Doreen-Gehrke-ebook\/dp\/B0F6NFL43D\/\" target=\"_blank\" rel=\"noopener noreferrer\"><strong>Amazon<\/strong><\/a><\/p>\n<p style=\"text-align: right;\"><a href=\"https:\/\/www.hugendubel.de\/de\/ebook_epub\/doreen_gehrke-anjas_tagebuch_neverland-47700185-produkt-details.html\" target=\"_blank\" rel=\"noopener noreferrer\"><strong>Hugendubel.de<\/strong><\/a><\/p>\n<p>[\/et_pb_text][\/et_pb_column][et_pb_column type=&#8220;1_2&#8243; _builder_version=&#8220;4.5.0&#8243; _module_preset=&#8220;default&#8220;][et_pb_image src=&#8220;https:\/\/www.doreen-gehrke-verlag.de\/wp-content\/uploads\/2020\/07\/Book-Cover-Anja-2-0Hintergrund-2.png&#8220; title_text=&#8220;Book-Cover-Anja-2-0Hintergrund&#8220; _builder_version=&#8220;4.5.0&#8243; _module_preset=&#8220;default&#8220;][\/et_pb_image][\/et_pb_column][\/et_pb_row][et_pb_row _builder_version=&#8220;4.5.0&#8243; _module_preset=&#8220;default&#8220;][et_pb_column type=&#8220;4_4&#8243; _builder_version=&#8220;4.5.0&#8243; _module_preset=&#8220;default&#8220;][et_pb_text _builder_version=&#8220;4.5.0&#8243; _module_preset=&#8220;default&#8220;]<\/p>\n<h2><strong>Cover<\/strong><\/h2>\n<p>[\/et_pb_text][et_pb_text _builder_version=&#8220;4.8.2&#8243; _module_preset=&#8220;default&#8220;]<\/p>\n<p class=\"main\" style=\"text-align: justify;\">F\u00fcr den zweiten Band wollte ich das Cover wieder selbst illustrieren. Dieses Mal habe ich jedoch die Umgebung genauer gestaltet. Neben der teils fiktiven Skyline von Berlin ist die Dachterrasse der neuen Wohnung zu sehen. An deren Br\u00fcstung rankt aus einem kleinen Topf in der hintersten Ecke eine Pflanze. Wie auf dem Cover des ersten Buches soll sie vermitteln, dass sich die Protagonistin Anja in ihrer ganz eigenen Welt befindet. Ich habe mich weitestgehend vom Stil des Scherenschnitts entfernt. Die Illustration ist in Graut\u00f6nen gehalten. Nur Anjas Silhouette und die der V\u00f6gel sind blau umrandet. Wie der Teenager in der eigenen Fantasie aussieht, \u00fcberlasse ich wieder dem Leser.<\/p>\n<p>[\/et_pb_text][et_pb_text _builder_version=&#8220;4.5.0&#8243; _module_preset=&#8220;default&#8220;]<\/p>\n<h2><strong>Einf\u00fchrung<\/strong><\/h2>\n<p>[\/et_pb_text][et_pb_text _builder_version=&#8220;4.8.2&#8243; _module_preset=&#8220;default&#8220; hover_enabled=&#8220;0&#8243; sticky_enabled=&#8220;0&#8243;]<\/p>\n<p class=\"main\" style=\"text-align: justify;\">\u201eAnjas Tagebuch \u2013 Neverland\u201c <strong>(01.01.2017 bis 19.07.2017)<\/strong> ist die Fortsetzung von \u201eAnjas Tagebuch\u201c. Anders als im ersten Band setzt sich die Protagonistin nicht mehr nur mit dem Einfluss der digitalen Welt auf unser Leben auseinander, sondern beginnt, sich selbst zu reflektieren. Sie hinterfragt ihren Platz in der Gesellschaft und versucht, Zusammenh\u00e4nge zwischenmenschlicher Beziehungen zu verstehen, sei es zu ihren Eltern und anderen Verwandten oder zu Freunden und Lehrern. Die Stille in Neverland hilft Anja besonders, ihre Gedanken zu sortieren und ihr Verhalten in der Schule und zu Hause zu verstehen. Oma Ritas Anekdoten und Lebensweisheiten tragen ihr \u00dcbriges dazu bei, sodass die Ostertage zu philosophischen Tagen in Neverland werden. Das Ferienhaus irgendwo in der Uckermark ist Anjas liebster Ort zum Nachdenken und Schreiben. Dort kann sie abschalten und ganz in ihre eigene Welt abtauchen.<\/p>\n<hr data-start=\"185\" data-end=\"188\" \/>\n<div class=\"flex flex-col text-sm pb-25\">\n<article class=\"text-token-text-primary w-full focus:outline-none [--shadow-height:45px] has-data-writing-block:pointer-events-none has-data-writing-block:-mt-(--shadow-height) has-data-writing-block:pt-(--shadow-height) [&amp;:has([data-writing-block])&gt;*]:pointer-events-auto scroll-mt-[calc(var(--header-height)+min(200px,max(70px,20svh)))]\" dir=\"auto\" data-turn-id=\"request-6835e30f-91ec-8006-ad03-84183c7db638-4\" data-testid=\"conversation-turn-62\" data-scroll-anchor=\"true\" data-turn=\"assistant\" tabindex=\"-1\">\n<div class=\"text-base my-auto mx-auto pb-10 [--thread-content-margin:var(--thread-content-margin-xs,calc(var(--spacing)*4))] @w-sm\/main:[--thread-content-margin:var(--thread-content-margin-sm,calc(var(--spacing)*6))] @w-lg\/main:[--thread-content-margin:var(--thread-content-margin-lg,calc(var(--spacing)*16))] px-(--thread-content-margin)\">\n<div class=\"[--thread-content-max-width:40rem] @w-lg\/main:[--thread-content-max-width:48rem] mx-auto max-w-(--thread-content-max-width) flex-1 group\/turn-messages focus-visible:outline-hidden relative flex w-full min-w-0 flex-col agent-turn\" tabindex=\"-1\">\n<div class=\"flex max-w-full flex-col gap-4 grow\">\n<div data-message-author-role=\"assistant\" data-message-id=\"37076ef7-b2e2-442a-ac5a-1aa68933270f\" dir=\"auto\" data-message-model-slug=\"gpt-5-3\" class=\"min-h-8 text-message relative flex w-full flex-col items-end gap-2 text-start break-words whitespace-normal [.text-message+&amp;]:mt-1\">\n<div class=\"flex w-full flex-col gap-1 empty:hidden\">\n<div class=\"markdown prose dark:prose-invert w-full wrap-break-word light markdown-new-styling\">\n<p data-start=\"118\" data-end=\"172\"><strong data-start=\"118\" data-end=\"172\"><\/strong><\/p>\n<p data-start=\"118\" data-end=\"172\"><strong data-start=\"118\" data-end=\"172\">F\u00fcr wen ist \u201eAnjas Tagebuch \u2013 Neverland\u201c geeignet?<\/strong><\/p>\n<ul data-start=\"174\" data-end=\"978\" data-is-last-node=\"\" data-is-only-node=\"\">\n<li data-section-id=\"dmrx8y\" data-start=\"174\" data-end=\"308\">\n<p data-start=\"176\" data-end=\"308\">Jugendliche und junge Erwachsene, die Geschichten \u00fcber das <strong data-start=\"235\" data-end=\"300\">Erwachsenwerden und die Suche nach dem eigenen Platz im Leben<\/strong> m\u00f6gen<\/p>\n<\/li>\n<li data-section-id=\"1jodesm\" data-start=\"309\" data-end=\"414\">\n<p data-start=\"311\" data-end=\"414\">Leserinnen und Leser, die sich f\u00fcr <strong data-start=\"346\" data-end=\"398\">Gedanken \u00fcber Schule, Familie und Freundschaften<\/strong> interessieren<\/p>\n<\/li>\n<li data-section-id=\"1qldqpq\" data-start=\"415\" data-end=\"510\">\n<p data-start=\"417\" data-end=\"510\">Menschen, die <strong data-start=\"431\" data-end=\"468\">ruhige, nachdenkliche Geschichten<\/strong> mit pers\u00f6nlichen Beobachtungen sch\u00e4tzen<\/p>\n<\/li>\n<li data-section-id=\"1h8tub2\" data-start=\"511\" data-end=\"583\">\n<p data-start=\"513\" data-end=\"583\">Leser, die <strong data-start=\"524\" data-end=\"542\">Tagebuchromane<\/strong> und authentische Ich-Erz\u00e4hlungen m\u00f6gen<\/p>\n<\/li>\n<li data-section-id=\"20yonu\" data-start=\"584\" data-end=\"652\">\n<p data-start=\"586\" data-end=\"652\">Erwachsene, die sich gern <strong data-start=\"612\" data-end=\"650\">an ihre eigene Jugendzeit erinnern<\/strong><\/p>\n<\/li>\n<li data-section-id=\"vlhjkc\" data-start=\"653\" data-end=\"748\">\n<p data-start=\"655\" data-end=\"748\">Alle, die Geschichten \u00fcber <strong data-start=\"682\" data-end=\"740\">Familienbeziehungen, Generationen und Lebensweisheiten<\/strong> m\u00f6gen<\/p>\n<\/li>\n<li data-section-id=\"qb4pal\" data-start=\"749\" data-end=\"875\">\n<p data-start=\"751\" data-end=\"875\">Leser, die sich f\u00fcr den Umgang junger Menschen mit der <strong data-start=\"806\" data-end=\"859\">digitalen Welt und gesellschaftlichen Erwartungen<\/strong> interessieren<\/p>\n<\/li>\n<li data-section-id=\"1nv7fl4\" data-start=\"876\" data-end=\"978\" data-is-last-node=\"\">\n<p data-start=\"878\" data-end=\"978\" data-is-last-node=\"\">Menschen, die <strong data-start=\"892\" data-end=\"946\">Natur, R\u00fcckzugsorte und stille Orte zum Nachdenken<\/strong> als Teil einer Geschichte m\u00f6gen<\/p>\n<\/li>\n<\/ul>\n<\/div>\n<\/div>\n<\/div>\n<\/div>\n<div class=\"z-0 flex min-h-[46px] justify-start\"><\/div>\n<div class=\"mt-3 w-full empty:hidden\">\n<div class=\"text-center\"><\/div>\n<\/div>\n<\/div>\n<\/div>\n<\/article>\n<\/div>\n<p>[\/et_pb_text][et_pb_text _builder_version=&#8220;4.5.0&#8243; _module_preset=&#8220;default&#8220;]<\/p>\n<h2><strong>Leseprobe<\/strong><\/h2>\n<p>[\/et_pb_text][et_pb_text _builder_version=&#8220;4.8.2&#8243; _module_preset=&#8220;default&#8220; hover_enabled=&#8220;0&#8243; sticky_enabled=&#8220;0&#8243;]<\/p>\n<p class=\"main\" style=\"text-align: justify;\">Leseprobe aus Ostermontag, 17.04.2017<o:p><\/o:p><\/p>\n<p style=\"text-align: justify;\">Mein liebes Tagebuch,<o:p><\/o:p><\/p>\n<p style=\"text-align: justify;\">willkommen zu den Philosophischen Tagen in Neverland. Sp\u00e4testens heute habe ich kapiert, was bereits seit Tagen hier abgeht. Es ist \u00fcbrigens der neunte Tag, Ostermontag. \u201aIch denke, also bin ich\u2018. War das von Sokrates oder von wem? Papi hat das heute bei unserem Spaziergang erw\u00e4hnt. Aber er redete viel und f\u00fchrte mit mir das Gespr\u00e4ch, an das ich immer mal wieder habe denken m\u00fcssen, seit Oma Rita und ich aus Berlin abgereist sind. Und weil wir morgen nach Hause fahren, wollte Papi wohl die freie Zeit noch nutzen, um mit mir \u00fcber Schule, Freunde und Familie zu sprechen. Vorneweg schon mal die Info: Es ging nicht gut f\u00fcr mich aus.<o:p><\/o:p><\/p>\n<p style=\"text-align: justify;\">Aber erst noch etwas Lustiges. Papi f\u00e4hrt ja morgens mit seinem Wagen immer erst in den n\u00e4chsten Ort, um dort zu telefonieren, weil es hier in Neverland ein Funkloch gibt. Deshalb meinte Oma Rita heute Morgen, man k\u00f6nne doch wenigstens ein Telefonkabel zur Muttis Hundeh\u00fctte verlegen. Doch da konterte Mutti sofort und erkl\u00e4rte, dass Neverland dann nicht mehr so viel Erholung bieten w\u00fcrde, wie es jetzt der Fall ist. Denn, wenn erst einmal die M\u00f6glichkeit zum Telefonieren da ist, w\u00fcrde es nicht lange dauern, bis man auch fernsehen und das Internet nutzen m\u00f6chte. Das h\u00e4tte nur Ablenkung zur Folge, und im schlimmsten Fall w\u00fcrden sie und Papi ihre Arbeit mit hierherbringen. Dasselbe gilt f\u00fcr einen Garten, den sie nat\u00fcrlich durchaus anlegen k\u00f6nnte. Es ist ja gen\u00fcgend Platz vorhanden. Aber Mutti ist sich sicher, dass es letztendlich in Arbeit ausarten w\u00fcrde. \u201eZuerst nur ein Beet, um es mal zu probieren. Dann weitere Beete, und warum nicht auch ein paar B\u00e4ume pflanzen? Wie w\u00e4re es mit Apfelb\u00e4umen? Irgendwann wird daraus vielleicht eine ganze Plantage\u201c, fantasierte Mutti in ihrem Zynismus weiter. \u201eDann machen wir Apfelsaft und Apfelkompott. Das verkaufen wir auf dem n\u00e4chsten Bio-Markt\u201c.<o:p><\/o:p><\/p>\n<p style=\"text-align: justify;\">Ich gebe dir recht, wenn du denkst, dass Mutti zum Schluss etwas frech wurde. Aber es half, dass Oma Rita Ruhe gab, und es zu keinem Streit zwischen ihnen kam. Ich glaube, an unserem letzten gemeinsamen Tag, wollte sowieso jeder eher f\u00fcr sich sein und versunken in seinen Gedanken schwelgen. Au\u00dfer Papi, der musste mir seine Gedanken, die um mich wie Aasgeier zu kreisen schienen, ganz offen und unverbl\u00fcmt vor mir ausbreiten.<o:p><\/o:p><\/p>\n<p style=\"text-align: justify;\">Nat\u00fcrlich ging es dabei um mich. Was glaubst du denn?<o:p><\/o:p><\/p>\n<p style=\"text-align: justify;\">Gleich nach dem Fr\u00fchst\u00fcck sagte er, wir sollten das trockene Wetter nutzen, f\u00fcr unser Gespr\u00e4ch. Ja, genau, das hat er so gesagt. F\u00fcr unser Gespr\u00e4ch. Daf\u00fcr h\u00e4tte ich ihm in den Arsch treten k\u00f6nnen, wenn ich nicht so gut erzogen worden w\u00e4re. Papi wartete auch gar nicht bis wir den Weg erreicht hatten, der um den See herumf\u00fchrt, sondern begann gleich mit seiner Lehrstunde, als wir die T\u00fcr zur H\u00fctte hinter uns geschlossen hatten. \u201eAnja, du bist jetzt mitten in der Pubert\u00e4t.\u201c Das waren seine ersten Worte, und ich wei\u00df noch, wie ich mich vor Lachen sch\u00fctteln musste. Dass das Gespr\u00e4ch so ein beschissenes Ende f\u00fcr mich nehmen w\u00fcrde, wusste ich zu diesem Zeitpunkt ja noch nicht. Auf meine Streitereien mit Mutti k\u00e4me er sp\u00e4ter. Vorher m\u00fcsse Papi erst mit mir \u00fcber die Schule sprechen.<o:p><\/o:p><\/p>\n<p style=\"text-align: justify;\">&#8230;<o:p><\/o:p><\/p>\n<p style=\"text-align: justify;\">\u00a0<o:p><\/o:p><\/p>\n<p style=\"text-align: justify;\"><em>Unverk\u00e4ufliche Leseprobe des Doreen Gehrke Verlags. Die Verwendung dieser Leseprobe, ob nun auszugsweise oder in vollem Umfang, ist ohne schriftlicher Zustimmung des Doreen Gehrke Verlags urheberrechtswidrig. Auch eine \u00dcbersetzung der Leseprobe sowie die Verwendung in elektronischen Systemen ist strafbar.<\/em><o:p><\/o:p><\/p>\n<p style=\"text-align: justify;\"><em><\/em><\/p>\n<p>[\/et_pb_text][et_pb_text _builder_version=&#8220;4.5.0&#8243; _module_preset=&#8220;default&#8220;]<\/p>\n<h2><strong>Back Cover<\/strong><\/h2>\n<p>[\/et_pb_text][\/et_pb_column][\/et_pb_row][et_pb_row column_structure=&#8220;1_2,1_2&#8243; _builder_version=&#8220;4.5.0&#8243; _module_preset=&#8220;default&#8220; custom_margin=&#8220;-31px|auto||auto||&#8220;][et_pb_column type=&#8220;1_2&#8243; _builder_version=&#8220;4.5.0&#8243; _module_preset=&#8220;default&#8220;][et_pb_text _builder_version=&#8220;4.8.2&#8243; _module_preset=&#8220;default&#8220;]<\/p>\n<p class=\"main\" style=\"text-align: justify;\">Wie das Cover habe ich die Illustration f\u00fcr das Back Cover in Graut\u00f6nen gestaltet. Darauf ist Anjas liebster Ort, Neverland, dargestellt. Allein die Fenster des Ferienhauses sind in Gelb gehalten. Auf einer Bank am Kopf des Anlegestegs steht erneut der kleine Pflanztopf. Die Pflanze umrahmt hier den ganzen Ort Neverland und symbolisiert die Abgeschiedenheit und Ruhe, die Anja dort so liebt.<\/p>\n<p>[\/et_pb_text][\/et_pb_column][et_pb_column type=&#8220;1_2&#8243; _builder_version=&#8220;4.5.0&#8243; _module_preset=&#8220;default&#8220;][et_pb_image src=&#8220;https:\/\/www.doreen-gehrke-verlag.de\/wp-content\/uploads\/2020\/07\/Book-BackCover-Anja-2-1.png&#8220; title_text=&#8220;Book-BackCover-Anja-2&#8243; _builder_version=&#8220;4.5.0&#8243; _module_preset=&#8220;default&#8220;][\/et_pb_image][\/et_pb_column][\/et_pb_row][et_pb_row _builder_version=&#8220;4.5.0&#8243; _module_preset=&#8220;default&#8220;][et_pb_column type=&#8220;4_4&#8243; _builder_version=&#8220;4.5.0&#8243; _module_preset=&#8220;default&#8220;][et_pb_button button_url=&#8220;https:\/\/www.doreen-gehrke-verlag.de\/?page_id=2&#8243; button_text=&#8220;Zur\u00fcck&#8220; button_alignment=&#8220;left&#8220; _builder_version=&#8220;4.5.0&#8243; _module_preset=&#8220;default&#8220; custom_button=&#8220;on&#8220; button_text_color=&#8220;#000000&#8243; button_border_color=&#8220;#000000&#8243; box_shadow_style=&#8220;preset6&#8243;][\/et_pb_button][\/et_pb_column][\/et_pb_row][\/et_pb_section]<\/p>\n","protected":false},"excerpt":{"rendered":"<p>[et_pb_section fb_built=&#8220;1&#8243; _builder_version=&#8220;3.22&#8243;][et_pb_row column_structure=&#8220;1_2,1_2&#8243; _builder_version=&#8220;4.5.0&#8243; _module_preset=&#8220;default&#8220;][et_pb_column type=&#8220;1_2&#8243; _builder_version=&#8220;4.5.0&#8243; _module_preset=&#8220;default&#8220;][et_pb_text _builder_version=&#8220;4.8.2&#8243; _module_preset=&#8220;default&#8220;] Anjas Tagebuch &#8211; Neverland 2. Tagebuch Anjas Tagebuch &#8211; Neverland, E-Book, 12+ EPub 978-3-9822748-3-6 3. Auflage Handel via Tolino GmbH z.B. Kaufen bei\u00a0Thalia.de\u00a0 Amazon Hugendubel.de [\/et_pb_text][\/et_pb_column][et_pb_column type=&#8220;1_2&#8243; _builder_version=&#8220;4.5.0&#8243; _module_preset=&#8220;default&#8220;][et_pb_image src=&#8220;https:\/\/www.doreen-gehrke-verlag.de\/wp-content\/uploads\/2020\/07\/Book-Cover-Anja-2-0Hintergrund-2.png&#8220; title_text=&#8220;Book-Cover-Anja-2-0Hintergrund&#8220; _builder_version=&#8220;4.5.0&#8243; _module_preset=&#8220;default&#8220;][\/et_pb_image][\/et_pb_column][\/et_pb_row][et_pb_row _builder_version=&#8220;4.5.0&#8243; _module_preset=&#8220;default&#8220;][et_pb_column type=&#8220;4_4&#8243; _builder_version=&#8220;4.5.0&#8243; _module_preset=&#8220;default&#8220;][et_pb_text _builder_version=&#8220;4.5.0&#8243; _module_preset=&#8220;default&#8220;] Cover [\/et_pb_text][et_pb_text _builder_version=&#8220;4.8.2&#8243; _module_preset=&#8220;default&#8220;] [&hellip;]<\/p>\n","protected":false},"author":1,"featured_media":0,"parent":0,"menu_order":0,"comment_status":"closed","ping_status":"closed","template":"","meta":{"_acf_changed":false,"_et_pb_use_builder":"on","_et_pb_old_content":"<p class=\"main\">Anjas Tagebuch - Neverland, E-Book, 12+<br \/> EPub 978-3-9816906-7-5<br \/> Kindle 978-3-9816906-8-2<\/p><p><img src=\"http:\/\/doreen-gehrke-verlag.de\/Anjas_Tagebuch_Cover_2_12.5.jpg\" height=\"45%\" \/><\/p><p>\u00a0<\/p><p><strong>Cover<\/strong><\/p><p class=\"main\">F\u00fcr den zweiten Band wollte ich das Cover wieder selbst illustrieren. Dieses Mal habe ich aber nicht auf eine genauere Gestaltung der Umgebung verzichtet. Es ist neben der teils fiktiven Skyline von Berlin die Dachterrasse der neuen Wohnung zu sehen. An deren Br\u00fcstung rankt aus einem kleinen Topf der hintersten Ecke die Pflanze, die wie im Cover des ersten Buches vermitteln soll, dass sich die Protagonistin Anja in ihrer ganz eigenen Welt befindet. Weitestgehend habe ich mich vom Stil des Scherenschnitts entfernt. Die Illustration ist in Graut\u00f6nen abgestimmt. Allein Anjas Silhouette und die der V\u00f6gel sind blau umrandet. Wieder \u00fcberlasse ich dem Leser, wie der Teenager in der eigenen Fantasie aussieht.<\/p><p>\u00a0<\/p><p><strong>Einf\u00fchrung<\/strong><\/p><p class=\"main\">\u00bbAnjas Tagebuch \u2013 Neverland\u00ab ist der Folgeband zu \u00bbAnjas Tagebuch\u00ab. Anders als im ersten Band setzt sich die Protagonistin nicht mehr nur mit dem Einfluss der digitalen Welt auf unser Leben auseinander, sondern beginnt, sich immer mehr selbst zu reflektieren, hinterfragt ihren Platz in der Gesellschaft und versucht, Zusammenh\u00e4nge zwischenmenschlicher Beziehungen zu verstehen \u2013 sei es die zu ihren Eltern und anderen Verwandten, oder zu Freunden und Lehrern. Besonders die Stille in Neverland hilft Anja, ihre Gedanken zu sortieren und ihr Verhalten in der Schule und Zuhause zu verstehen. Oma Ritas Anekdoten und Weisheiten \u00fcber das Leben tragen ihr \u00dcbriges dazu bei, sodass die Ostertage zu den Philosophischen Tagen in Neverland werden. Das Ferienhaus, irgendwo in der Uckermark, ist Anjas liebster Ort zum Nachdenken und zum Schreiben. Dort kann sie abschalten und ganz in ihre eigene Welt abtauchen.<\/p><p>\u00a0<\/p><p><strong>Leseprobe<\/strong><\/p><p class=\"main\">Leseprobe aus Kapitel 10 - Mittwoch, 12.04.2017<\/p><p>Mein liebes Tagebuch ...<\/p><p>ich habe einen Kater. Zumindest glaube ich das, denn ich hatte ja eigentlich noch nie einen. Aber bei Kopfschmerzen und kotzigem Geschmack im Mund ... ja, ich glaube, das ist einer. Und das auch noch ausgerechnet von Punsch \u2013 kein Bier, kein Wodka, keine Cocktails. Nein, nur Oma Ritas Punsch, und der hat mich umgehauen. Oh Mann, ich bin erst 14 Jahre alt ... Okay, es gibt Idioten in meinem Alter, die ern\u00e4hren sich praktisch von Sex, Drugs & Rock\u2018n Roll. Selbst wenn das romantisch klingt, ist das f\u00fcr einen Teenager einfach nur sch***. Das darf niemand erfahren. Verstanden?! Ab sofort bleibst du unter Sicherheitsverwahrung. Niemand darf dich jemals lesen. Wer wei\u00df, was ich dir noch alles anvertrauen werde?!<br \/> Heute ist der vierte Tag in Neverland, und es ist Mittwoch. Klingt, als ob ich die Tage z\u00e4hlen w\u00fcrde, aber das tue ich nicht. Ich lese mir immer nur die aktuellsten Eintr\u00e4ge durch und sehe dann automatisch, wie viele Tage wir schon hier sind.<br \/> Habe mal ausgeschlafen \u2013 ha, ha, ich lach mich tot. Keine Alf-Witze, versprochen. Papis Jugendheld bleibt unter Verschluss. Aber Fr\u00fchst\u00fcck fiel aus und weil Oma Rita die zugegeben gesunde Idee hat, mit mir an die frische Luft zu gehen, machen wir eine Spritztour. Yeah, Oma und Enkel cruisen durch die Gegend!<\/p><p>Bin wieder da und v\u00f6llig ersch\u00f6pft. Zuerst sind wir tats\u00e4chlich nur so rumgefahren, was ganz in Ordnung gewesen w\u00e4re, h\u00e4tte ich nicht das Kotzen gekriegt. Also, es war so. Ich stellte mir den Sitz, Beifahrerseite nat\u00fcrlich, so ein, dass ich halbwegs liegen konnte und schaute dabei zur Frontscheibe und beobachtete den Scheibenwischer, wie er sich taktvoll hin und her bewegte. Der Regen prasselte aufs Auto, manchmal so stark, dass sich zwischen dem Wischen immer ein Wasserfilm auf die Scheibe absetzen konnte, bis er zur Seite gewischt wurde. Das fand ich anfangs noch ganz witzig, solange bis wir die Alleen entlangfuhren, die zu meinem neuen Lieblingsdorf f\u00fchrt. Oma Rita wollte dort wieder zu Mittag essen, und ich stellte mir schon vor, wie ich als Heranwachsende mit einem Teller Milchreis k\u00e4mpfe und dann passierte es. Ich bat Oma Rita anzuhalten. Mir kam es vor, als w\u00fcrden die Baumkronen auf mich zurasen, meine Augen taten auf einmal weh und mein Magen kr\u00fcmmte sich zusammen. Ich habe noch gerade rechtzeitig die T\u00fcr aufmachen k\u00f6nnen, sonst h\u00e4tte ich mich in Oma Ritas Wagen \u00fcbergeben. Sie hat sich ziemliche Sorgen gemacht, wollte mich schon zu einem Arzt fahren oder am besten gleich ins n\u00e4chste Krankenhaus \u2013 wo auch immer eins hier im Niemandsland ist. Ich bat Oma Rita das nicht zu tun, denn meine Eltern h\u00e4tten davon erfahren und das w\u00e4re dann auf sie zur\u00fcckgefallen, schlie\u00dflich hat sie einer Minderj\u00e4hrigen Alkohol gegeben, selbst wenn es die eigene Enkelin war. Da lachte Oma Rita \u2013 so aus tiefstem Herzen, im Wind und bei peitschenden Regen, weit und breit war kein anderes Auto zu sehen. Wenn ich jetzt so dar\u00fcber nachdenke, war das doch ganz witzig.<br \/> Jedenfalls sind wir dann weitergefahren, und zwar zur n\u00e4chsten Tankstelle. Oma Rita musste sowieso tanken, und weil diese Supertanke \u00fcber einen f\u00fcr ein Dorf ziemlich gro\u00dfen Shop verf\u00fcgt, brachte sie gleich Kamillentee, Kekse und sogar Zwieback mit. Tea to Go gibt`s mittlerweile auch \u00fcberall. Coole Idee!<br \/> Wir fuhren so weiter durch die Gegend. Der Regen machte mal eine Pause und Oma Rita machte das Verdeck einen Spalt auf, damit ich frische Luft bekam. Und als wir so fuhren, begann sie auf einmal zu reden und schien erst mal nicht mehr damit aufh\u00f6ren zu wollen. Das war mir ganz recht. So konnte ich abschalten und mit meinem Tee meinem Magen etwas Gutes tun. Oma Rita erz\u00e4hlte, dass man heutzutage alles kaufen k\u00f6nne. Aber auch wirklich einfach alles! Was an sich nicht schlecht sei, denn fr\u00fcher h\u00e4tte sie sich in manchen Situationen gew\u00fcnscht, es h\u00e4tte die eine oder andere Sache gegeben, die einem das Leben erleichtert h\u00e4tte. Ich verstand zuerst nicht, wor\u00f6ber Oma Rita sprach. Bis sie meinte, wir g\u00e4ben unser Gehirn ab oder schalten es vielmehr aus. Man m\u00fcsse nichts mehr alleine machen. Man k\u00f6nnte schon, aber die Lust dazu sei nicht mehr da. Zum Beispiel bei Kindergeburtstagen. Heutzutage gibt es ja Animateure, die die Kinder bespa\u00dfen. Fr\u00fcher h\u00e4tten sich die Eltern noch etwas einfallen lassen m\u00fcssen. Aber so bezahlt man einen Service. Wenn man dann mit der erbrachten Leistung nicht zufrieden ist, kann man den Animateur runtermachen. So hat es eine Freundin Oma Rita erz\u00e4hlt, die beim Kindergeburtstag einer ihrer vielen Enkelkinder eingeladen war und deren Tochter einen bestellten Bespa\u00dfer zur Sau gemacht hat, weil die Kinder wohl nicht ausreichend Spa\u00df hatten. Da h\u00e4tte sich die Freundin f\u00fcr ihr eigen Fleisch und Blut gesch\u00e4mt. ...<\/p><p>Unverk\u00e4ufliche Leseprobe des Doreen Gehrke Verlags. Die Verwendung dieser Leseprobe, ob nun auszugsweise oder in vollem Umfang, ist ohne schriftlicher Zustimmung des Doreen Gehrke Verlags urheberrechtswidrig. Auch eine \u00dcbersetzung der Leseprobe sowie die Verwendung in elektronischen Systemen ist strafbar.<\/p><p>\u00a0<\/p><p><strong>Back Cover<\/strong><\/p><p class=\"main\">Die Illustration f\u00fcr das Back Cover habe ich wie das Cover in Graut\u00f6nen gestaltet. Es ist Anjas liebster Ort dargestellt \u2013 Neverland. Allein die Fenster des Ferienhauses sind farbig in Gelb gehalten. Auf einer Bank am Kopf des Anlegestegs steht wieder der kleine Pflanztopf. Hier umrahmt die Pflanze den ganzen Ort Neverland und symbolisiert die Abgeschiedenheit und Ruhe, die Anja dort so liebt.<\/p><p><img src=\"http:\/\/doreen-gehrke-verlag.de\/Anjas_Tagebuch_Backcover_2_12.5.jpg\" height=\"50%\" \/><\/p><p>\u00a0<\/p>","_et_gb_content_width":"","jetpack_post_was_ever_published":false,"footnotes":""},"class_list":["post-122","page","type-page","status-publish","hentry"],"acf":[],"jetpack_sharing_enabled":true,"jetpack_shortlink":"https:\/\/wp.me\/P9Ec4h-1Y","_links":{"self":[{"href":"https:\/\/www.doreen-gehrke-verlag.de\/index.php?rest_route=\/wp\/v2\/pages\/122","targetHints":{"allow":["GET"]}}],"collection":[{"href":"https:\/\/www.doreen-gehrke-verlag.de\/index.php?rest_route=\/wp\/v2\/pages"}],"about":[{"href":"https:\/\/www.doreen-gehrke-verlag.de\/index.php?rest_route=\/wp\/v2\/types\/page"}],"author":[{"embeddable":true,"href":"https:\/\/www.doreen-gehrke-verlag.de\/index.php?rest_route=\/wp\/v2\/users\/1"}],"replies":[{"embeddable":true,"href":"https:\/\/www.doreen-gehrke-verlag.de\/index.php?rest_route=%2Fwp%2Fv2%2Fcomments&post=122"}],"version-history":[{"count":17,"href":"https:\/\/www.doreen-gehrke-verlag.de\/index.php?rest_route=\/wp\/v2\/pages\/122\/revisions"}],"predecessor-version":[{"id":7107,"href":"https:\/\/www.doreen-gehrke-verlag.de\/index.php?rest_route=\/wp\/v2\/pages\/122\/revisions\/7107"}],"wp:attachment":[{"href":"https:\/\/www.doreen-gehrke-verlag.de\/index.php?rest_route=%2Fwp%2Fv2%2Fmedia&parent=122"}],"curies":[{"name":"wp","href":"https:\/\/api.w.org\/{rel}","templated":true}]}}