{"id":118,"date":"2018-02-09T16:45:01","date_gmt":"2018-02-09T15:45:01","guid":{"rendered":"http:\/\/www.doreen-gehrke-verlag.de\/?page_id=118"},"modified":"2026-03-14T10:51:08","modified_gmt":"2026-03-14T08:51:08","slug":"anjas-tagebuch","status":"publish","type":"page","link":"https:\/\/www.doreen-gehrke-verlag.de\/?page_id=118","title":{"rendered":"Anjas Tagebuch"},"content":{"rendered":"<p>[et_pb_section fb_built=&#8220;1&#8243; _builder_version=&#8220;3.22&#8243;][et_pb_row column_structure=&#8220;1_2,1_2&#8243; _builder_version=&#8220;4.5.0&#8243; _module_preset=&#8220;default&#8220;][et_pb_column type=&#8220;1_2&#8243; _builder_version=&#8220;4.5.0&#8243; _module_preset=&#8220;default&#8220;][et_pb_text _builder_version=&#8220;4.8.2&#8243; _module_preset=&#8220;default&#8220;]<\/p>\n<h2 class=\"main\" style=\"text-align: right;\"><strong><\/strong><\/h2>\n<h2 class=\"main\" style=\"text-align: right;\"><strong><\/strong><\/h2>\n<h2 class=\"main\" style=\"text-align: right;\"><strong><\/strong><\/h2>\n<h2 class=\"main\" style=\"text-align: right;\"><strong>Anjas Tagebuch<\/strong><\/h2>\n<p style=\"text-align: right;\"><strong>1. Tagebuch<\/strong><\/p>\n<p class=\"main\" style=\"text-align: right;\">Anjas Tagebuch, E-Book, 12+<br \/> EPub 978-3-9822748-1-2<br \/> 3. Auflage<o:p><\/o:p><\/p>\n<p style=\"text-align: right;\">Handel via Tolino GmbH<\/p>\n<p style=\"text-align: right;\">z.B. Kaufen bei<span>\u00a0<\/span><strong><a href=\"https:\/\/www.thalia.de\/shop\/home\/artikeldetails\/A1071163060\" target=\"_blank\" rel=\"noopener noreferrer\">Thalia.de\u00a0<\/a><\/strong><\/p>\n<p style=\"text-align: right;\"><a href=\"https:\/\/www.amazon.de\/Anjas-Tagebuch-Doreen-Gehrke-ebook\/dp\/B0F6NJNF6W\" target=\"_blank\" rel=\"noopener noreferrer\"><strong>Amazon<\/strong><\/a><\/p>\n<p style=\"text-align: right;\"><a href=\"https:\/\/www.hugendubel.de\/de\/ebook_epub\/doreen_gehrke-anjas_tagebuch-47700227-produkt-details.html\" target=\"_blank\" rel=\"noopener noreferrer\"><strong>Hugendubel.de<\/strong><strong><\/strong><strong><\/strong><strong><\/strong><\/a><\/p>\n<p>[\/et_pb_text][\/et_pb_column][et_pb_column type=&#8220;1_2&#8243; _builder_version=&#8220;4.5.0&#8243; _module_preset=&#8220;default&#8220;][et_pb_image src=&#8220;https:\/\/www.doreen-gehrke-verlag.de\/wp-content\/uploads\/2020\/07\/Book-Cover-Anja-1-0Hintergrund.png&#8220; title_text=&#8220;Book-Cover-Anja-1-0Hintergrund&#8220; _builder_version=&#8220;4.5.0&#8243; _module_preset=&#8220;default&#8220;][\/et_pb_image][\/et_pb_column][\/et_pb_row][et_pb_row _builder_version=&#8220;4.5.0&#8243; background_size=&#8220;initial&#8220; background_position=&#8220;top_left&#8220; background_repeat=&#8220;repeat&#8220;][et_pb_column type=&#8220;4_4&#8243; _builder_version=&#8220;3.25&#8243; custom_padding=&#8220;|||&#8220; custom_padding__hover=&#8220;|||&#8220;][et_pb_text _builder_version=&#8220;4.5.0&#8243; _module_preset=&#8220;default&#8220;]<\/p>\n<h2><strong>Cover<\/strong><\/h2>\n<p>[\/et_pb_text][et_pb_text _builder_version=&#8220;4.8.2&#8243; _module_preset=&#8220;default&#8220;]<\/p>\n<p class=\"main\" style=\"text-align: justify;\">Zum ersten Mal habe ich selbst ein Cover illustriert. Darauf ist die 14-j\u00e4hrige Protagonistin Anja zu sehen, wie sie an ihrem Schreibtisch sitzt und aus dem Fenster schaut. Vor ihr liegt ein aufgeschlagenes Heft, ihr Tagebuch. Eine teilweise fiktive Skyline Berlins verr\u00e4t den Handlungsort der Geschichte. Die Pflanze, die aus dem kleinen Blumentopf auf Anjas Schreibtisch um das Fenster rankt, soll vermitteln, dass sich der Teenager in seiner ganz eigenen Welt befindet. Dabei ist diese Welt keine Flucht ins Fantastische. Anja setzt sich mit ihrem Dasein in der Gegenwart auseinander, bleibt dabei aber f\u00fcr sich. Der Stil der Illustrationen erinnert an Scherenschnitte: schwarze Silhouetten auf farbigem Hintergrund. Ich habe hier absichtlich auf detaillierte Informationen verzichtet. Wie Anja aussieht und wie ihre n\u00e4here Umgebung gestaltet ist, bleibt der Vorstellung des Lesers \u00fcberlassen.<\/p>\n<p>[\/et_pb_text][et_pb_text _builder_version=&#8220;4.5.0&#8243; _module_preset=&#8220;default&#8220;]<\/p>\n<h2><strong>Einf\u00fchrung<\/strong><\/h2>\n<p>[\/et_pb_text][et_pb_text _builder_version=&#8220;4.8.2&#8243; _module_preset=&#8220;default&#8220; hover_enabled=&#8220;0&#8243; sticky_enabled=&#8220;0&#8243;]<\/p>\n<p style=\"text-align: justify;\">\u201eAnjas Tagebuch\u201c ist ein Tagebuchroman <strong>(20.07.2016 bis 24.07.2016)<\/strong> f\u00fcr Jugendliche und junge Erwachsene, die sich wie Anja mit dem Einfluss der digitalen Welt auf unser Leben auseinandersetzen m\u00f6chten. Die 14-j\u00e4hrige Protagonistin m\u00f6chte versuchen, mindestens f\u00fcnf Tage lang ohne Smartphone und ohne soziale Medien auszukommen. Bis sie mit ihren Eltern in den Urlaub f\u00e4hrt. Die Zeit bis dahin verbringt Anja au\u00dferhalb der bequemen vier W\u00e4nde und allein. Sie meidet Besuche bei Freunden oder Treffen in Einkaufszentren, um gar nicht erst in Versuchung zu kommen. So unternimmt sie eine Sightseeing-Tour durch Berlin, macht einen Ausflug zum Gro\u00dfen M\u00fcggelsee und besucht Museen, f\u00fcr die sie sich schon immer einmal Zeit nehmen wollte. In diesen Tagen stellt Anja fest, dass sie in Situationen ger\u00e4t und zu Erkenntnissen kommt, die ihr verborgen geblieben w\u00e4ren, wenn sie mit gesenktem Kopf durch die Welt gegangen w\u00e4re. In ihrem Tagebuch philosophiert sie \u00fcber den Einfluss der digitalen Welt auf das Verhalten der Menschen. Am Ende kommt sie zu dem Ergebnis, dass f\u00fcr sie folgende Regel f\u00fcr den Gebrauch sozialer Medien gelten soll: So wenig wie m\u00f6glich, aber so viel wie n\u00f6tig!<\/p>\n<p style=\"text-align: justify;\">Wie in all meinen B\u00fcchern stehen auch hier soziale Themen im Fokus der Geschichte. Soziale Medien spielen in unserem Alltag mittlerweile eine gro\u00dfe Rolle. Hinzu kommen Spiele-Apps und im Allgemeinen Apps, die unser Leben erleichtern sollen. Dabei stellt sich die berechtigte Frage, ob die digitale Welt tats\u00e4chlich nur eine unterst\u00fctzende Funktion hat oder ob sie uns in eine Abh\u00e4ngigkeit f\u00fchrt, ohne die wir nicht mehr durch den Alltag kommen. Mit dieser Frage setzt sich die Protagonistin in diesem Buch auseinander.<\/p>\n<p data-start=\"0\" data-end=\"183\">\n<hr data-start=\"185\" data-end=\"188\" \/>\n<p data-start=\"190\" data-end=\"231\">\n<p data-start=\"0\" data-end=\"42\"><strong data-start=\"0\" data-end=\"42\">F\u00fcr wen ist \u201eAnjas Tagebuch\u201c geeignet?<\/strong><\/p>\n<ul data-start=\"44\" data-end=\"979\" data-is-last-node=\"\" data-is-only-node=\"\">\n<li data-section-id=\"yefgj3\" data-start=\"44\" data-end=\"183\">\n<p data-start=\"46\" data-end=\"183\">Jugendliche und junge Erwachsene, die sich mit dem <strong data-start=\"97\" data-end=\"160\">Einfluss von Smartphones und sozialen Medien auf den Alltag<\/strong> besch\u00e4ftigen m\u00f6chten<\/p>\n<\/li>\n<li data-section-id=\"ss97ml\" data-start=\"184\" data-end=\"286\">\n<p data-start=\"186\" data-end=\"286\">Leserinnen und Leser, die sich f\u00fcr <strong data-start=\"221\" data-end=\"270\">Tagebuchromane und pers\u00f6nliche Gedankenwelten<\/strong> interessieren<\/p>\n<\/li>\n<li data-section-id=\"1fszn9d\" data-start=\"287\" data-end=\"393\">\n<p data-start=\"289\" data-end=\"393\">Menschen, die Geschichten \u00fcber <strong data-start=\"320\" data-end=\"385\">Selbstreflexion und das bewusste Erleben der eigenen Umgebung<\/strong> m\u00f6gen<\/p>\n<\/li>\n<li data-section-id=\"1jyz8cu\" data-start=\"394\" data-end=\"502\">\n<p data-start=\"396\" data-end=\"502\">Leser, die sich f\u00fcr <strong data-start=\"416\" data-end=\"486\">gesellschaftliche Fragen rund um Digitalisierung und Mediennutzung<\/strong> interessieren<\/p>\n<\/li>\n<li data-section-id=\"93xp0i\" data-start=\"503\" data-end=\"626\">\n<p data-start=\"505\" data-end=\"626\">Jugendliche, die erleben m\u00f6chten, wie man <strong data-start=\"547\" data-end=\"624\">f\u00fcr einige Zeit bewusst auf Smartphone und soziale Medien verzichten kann<\/strong><\/p>\n<\/li>\n<li data-section-id=\"127ehgn\" data-start=\"627\" data-end=\"760\">\n<p data-start=\"629\" data-end=\"760\">Leserinnen und Leser, die <strong data-start=\"655\" data-end=\"694\">Berlin und seine Sehensw\u00fcrdigkeiten<\/strong> aus der Perspektive einer jungen Beobachterin entdecken m\u00f6chten<\/p>\n<\/li>\n<li data-section-id=\"1mp0ajb\" data-start=\"761\" data-end=\"868\">\n<p data-start=\"763\" data-end=\"868\">Erwachsene, die sich f\u00fcr die <strong data-start=\"792\" data-end=\"852\">Sichtweise einer jungen Generation auf die digitale Welt<\/strong> interessieren<\/p>\n<\/li>\n<li data-section-id=\"1drysdm\" data-start=\"869\" data-end=\"979\" data-is-last-node=\"\">\n<p data-start=\"871\" data-end=\"979\" data-is-last-node=\"\">Menschen, die nachdenkliche Geschichten \u00fcber <strong data-start=\"916\" data-end=\"973\">Achtsamkeit, Beobachtung und pers\u00f6nliche Erkenntnisse<\/strong> m\u00f6gen<\/p>\n<\/li>\n<\/ul>\n<p>[\/et_pb_text][et_pb_text _builder_version=&#8220;4.5.0&#8243; _module_preset=&#8220;default&#8220;]<\/p>\n<h2><strong>Leseprobe<\/strong><\/h2>\n<p>[\/et_pb_text][et_pb_text _builder_version=&#8220;4.8.2&#8243; _module_preset=&#8220;default&#8220; hover_enabled=&#8220;0&#8243; sticky_enabled=&#8220;0&#8243;]<\/p>\n<p class=\"main\" style=\"text-align: justify;\">Leseprobe aus Sonntag, 24.07.2016<o:p><\/o:p><\/p>\n<p style=\"text-align: justify;\">&#8230;.<br \/> Aber wie gesagt, wir hatten eine wunderbare Diskussion zu den sozialen Medien, und ich m\u00f6chte hier mal die Schlussfolgerungen, die ich noch nicht vergessen habe, zusammenfassen. In zwanzig, drei\u00dfig Jahren werde ich mich dann an meine Challenge und vor allem, was ich daraus gelernt habe, erinnern k\u00f6nnen. Und sie dann vielleicht meinen Kindern zeigen, wenn ich denn welche haben werde.<br \/> 1. Auf Facebook, Twitter &amp; Co. h\u00e4tte ich nie das erfahren, was ich in den letzten Tagen gelernt habe.<br \/> 2. Mein soziales Netzwerk soll pers\u00f6nlich werden, d.h. ich verzichte ab sofort auf virtuelle Freunde.<br \/> 3. Soziale Medien sind eine gute Sache.<br \/> 4. Wenn man sie intelligent nutzt, ger\u00e4t man in keine Abh\u00e4ngigkeit, sondern erf\u00e4hrt eine hilfreiche Unterst\u00fctzung.<br \/> 5. Es wird immer mehr Menschen geben, die sich verappen, d.h. sich von Apps abh\u00e4ngig machen, als Menschen, die auch ohne Apps durch den Alltag kommen.<br \/> 6. Gute Beziehungen zu Familie und Freunde beg\u00fcnstigen einen klugen Umgang mit sozialen Medien und verhindern ein isoliertes Leben.<br \/> 7. Die eigene Erwartungshaltung gegen\u00fcber anderen Menschen niedrig halten, denn oft wird wiederholten Ger\u00fcchten mehr Wahrheit geschenkt als Tatsachen, \u00fcber die nicht so h\u00e4ufig geredet wird.<br \/> 8. Es gilt das Prinzip des Nachahmens, d.h. was einige gut finden, das gef\u00e4llt dann auch vielen anderen, z.B. Pok\u00e9mon Go.<br \/> 9. Je mehr Menschen Zeugen einer Pr\u00fcgelei werden, desto weniger f\u00fchlt sich der Einzelne verantwortlich einzugreifen. Ergo je mehr Hater es auf jemanden auf Facebook etc. abgesehen haben, desto weniger werden ihren Unmut dar\u00fcber posten.<br \/> 10. Wer in der realen Welt keine Wettbewerbe gewinnen kann, versucht es in der virtuellen, wie z.B. der Erste zu sein, der bei Twitter &amp; Co. \u00fcber ein Ereignis postet.<br \/> Soziale Medien finde ich toll. Ich denke aber, dass sie f\u00fcr bestimmte Nutzer zum Problem werden, wenn diese die Kontrolle \u00fcber ihren Gebrauch verlieren. Damit mir das nicht passiert, stelle ich f\u00fcr mich folgende Regel auf: So wenig wie m\u00f6glich, aber so viel wie n\u00f6tig! Das hei\u00dft, ich werde mein Facebook-Account l\u00f6schen, denn ich poste ja eh nur Fotos und keinen Text. Demnach reicht mir Instagram. Twitter war noch nie mein Ding, weil mir die Geschwindigkeit, wie dort Informationen verbreitet werden zu schnell ist.<br \/> &#8230;<o:p><\/o:p><\/p>\n<p style=\"text-align: justify;\"><o:p><\/o:p><\/p>\n<p style=\"text-align: justify;\"><em>Unverk\u00e4ufliche Leseprobe des Doreen Gehrke Verlags. Die Verwendung dieser Leseprobe, ob nun auszugsweise oder in vollem Umfang, ist ohne schriftlicher Zustimmung des Doreen Gehrke Verlags urheberrechtswidrig. Auch eine \u00dcbersetzung der Leseprobe sowie die Verwendung in elektronischen Systemen ist strafbar.<\/em><o:p><\/o:p><\/p>\n<p>[\/et_pb_text][et_pb_text _builder_version=&#8220;4.5.0&#8243; _module_preset=&#8220;default&#8220; custom_padding=&#8220;0px||0px|||&#8220;]<\/p>\n<h2><strong>Back Cover<\/strong><\/h2>\n<p>[\/et_pb_text][\/et_pb_column][\/et_pb_row][et_pb_row column_structure=&#8220;1_2,1_2&#8243; _builder_version=&#8220;4.5.0&#8243; _module_preset=&#8220;default&#8220; custom_padding=&#8220;0px|||||&#8220;][et_pb_column type=&#8220;1_2&#8243; _builder_version=&#8220;4.5.0&#8243; _module_preset=&#8220;default&#8220;][et_pb_text _builder_version=&#8220;4.8.2&#8243; _module_preset=&#8220;default&#8220;]<\/p>\n<p class=\"main\" style=\"text-align: justify;\">Print-Exemplare haben neben einem Cover auch eine Abbildung auf der R\u00fcckseite des Buchs \u2013 das Backcover. Diese Illustration sollte auch bei E-Books nicht fehlen und ist in \u201eAnjas Tagebuch\u201d als Back Cover abrufbar. Ich habe die Abbildung im gleichen Stil wie das Cover erstellt: schwarze Silhouetten auf farbigem Hintergrund. Die Pflanze umrahmt hier sogar die gesamte Bildfl\u00e4che. Symbolisch wird dabei Anjas unmittelbare Umgebung von ihr ganz ausgeschlossen. Die Szenerie erinnert an eine Situation, die im Text beschrieben ist. An einem Ferientag macht Anja mit ihrem Fahrrad einen Ausflug. In einem Park legt sie eine Pause ein und wird dort mit dem konfrontiert, was sie in ihrer Challenge meidet: das Smartphone als st\u00e4ndiger Begleiter und Bestimmer im Tagesgeschehen. Alles scheint wichtiger zu sein, als sich mit dem auseinanderzusetzen, was einem am n\u00e4chsten ist: die eigenen Gedanken.<\/p>\n<p>[\/et_pb_text][\/et_pb_column][et_pb_column type=&#8220;1_2&#8243; _builder_version=&#8220;4.5.0&#8243; _module_preset=&#8220;default&#8220;][et_pb_image src=&#8220;https:\/\/www.doreen-gehrke-verlag.de\/wp-content\/uploads\/2020\/07\/Book-BackCover-Anja-1-2.png&#8220; title_text=&#8220;Book-BackCover-Anja-1&#8243; _builder_version=&#8220;4.5.0&#8243; _module_preset=&#8220;default&#8220;][\/et_pb_image][\/et_pb_column][\/et_pb_row][et_pb_row _builder_version=&#8220;4.5.0&#8243; _module_preset=&#8220;default&#8220;][et_pb_column type=&#8220;4_4&#8243; _builder_version=&#8220;4.5.0&#8243; _module_preset=&#8220;default&#8220;][et_pb_button button_url=&#8220;https:\/\/www.doreen-gehrke-verlag.de\/?page_id=2&#8243; button_text=&#8220;Zur\u00fcck&#8220; button_alignment=&#8220;left&#8220; _builder_version=&#8220;4.5.0&#8243; _module_preset=&#8220;default&#8220; custom_button=&#8220;on&#8220; button_text_color=&#8220;#000000&#8243; button_border_color=&#8220;#000000&#8243; box_shadow_style=&#8220;preset6&#8243;][\/et_pb_button][\/et_pb_column][\/et_pb_row][\/et_pb_section]<\/p>\n","protected":false},"excerpt":{"rendered":"<p>[et_pb_section fb_built=&#8220;1&#8243; _builder_version=&#8220;3.22&#8243;][et_pb_row column_structure=&#8220;1_2,1_2&#8243; _builder_version=&#8220;4.5.0&#8243; _module_preset=&#8220;default&#8220;][et_pb_column type=&#8220;1_2&#8243; _builder_version=&#8220;4.5.0&#8243; _module_preset=&#8220;default&#8220;][et_pb_text _builder_version=&#8220;4.8.2&#8243; _module_preset=&#8220;default&#8220;] Anjas Tagebuch 1. Tagebuch Anjas Tagebuch, E-Book, 12+ EPub 978-3-9822748-1-2 3. Auflage Handel via Tolino GmbH z.B. Kaufen bei\u00a0Thalia.de\u00a0 Amazon Hugendubel.de [\/et_pb_text][\/et_pb_column][et_pb_column type=&#8220;1_2&#8243; _builder_version=&#8220;4.5.0&#8243; _module_preset=&#8220;default&#8220;][et_pb_image src=&#8220;https:\/\/www.doreen-gehrke-verlag.de\/wp-content\/uploads\/2020\/07\/Book-Cover-Anja-1-0Hintergrund.png&#8220; title_text=&#8220;Book-Cover-Anja-1-0Hintergrund&#8220; _builder_version=&#8220;4.5.0&#8243; _module_preset=&#8220;default&#8220;][\/et_pb_image][\/et_pb_column][\/et_pb_row][et_pb_row _builder_version=&#8220;4.5.0&#8243; background_size=&#8220;initial&#8220; background_position=&#8220;top_left&#8220; background_repeat=&#8220;repeat&#8220;][et_pb_column type=&#8220;4_4&#8243; _builder_version=&#8220;3.25&#8243; custom_padding=&#8220;|||&#8220; custom_padding__hover=&#8220;|||&#8220;][et_pb_text _builder_version=&#8220;4.5.0&#8243; _module_preset=&#8220;default&#8220;] Cover [\/et_pb_text][et_pb_text _builder_version=&#8220;4.8.2&#8243; _module_preset=&#8220;default&#8220;] Zum [&hellip;]<\/p>\n","protected":false},"author":1,"featured_media":0,"parent":0,"menu_order":0,"comment_status":"closed","ping_status":"closed","template":"","meta":{"_acf_changed":false,"_et_pb_use_builder":"on","_et_pb_old_content":"<p class=\"main\">Anjas Tagebuch, E-Book, 12+<br \/> EPub 978-3-9815945-9-1<br \/> Kindle 978-3-9816906-6-8<\/p><p><img src=\"http:\/\/doreen-gehrke-verlag.de\/Anjas_Tagebuch_Cover_Lucida_12.5.jpg\" width=\"90%\" height=\"90%\" \/><\/p><p>\u00a0<\/p><p><strong>Cover<\/strong><\/p><p class=\"main\">Erstmals habe ich selbst ein Cover illustriert. Zu sehen ist die 14-j\u00e4hrige Protagonistin Anja, wie sie an ihrem Schreibtisch sitzt und aus dem Fenster schaut. Vor ihr liegt ein aufgeschlagenes Heft \u2013 Anjas Tagebuch. Eine zum Teil fiktive Skyline der Stadt Berlin gibt Auskunft \u00fcber den Handlungsort der Geschichte. Die Pflanze, die aus dem kleinen Blumentopf auf Anjas Schreibtisch um das Fenster rankt, soll vermitteln, dass sich der Teenager in seiner ganz eigenen Welt befindet. Wobei diese Welt keine Flucht ins Fantastische ist. Anja setzt sich mit ihrem Dasein in der Gegenwart auseinander, bleibt aber dabei f\u00fcr sich. Der Stil der Illustration erinnert an den Scherenschnitt \u2013 schwarze Silhouetten auf farbigem Hintergrund. Ich habe hier absichtlich auf detaillierte Informationen verzichtet. Dem Leser wird selbst \u00fcberlassen, wie Anja aussieht und wie ihre n\u00e4here Umgebung gestaltet ist.<\/p><p>\u00a0<\/p><p><strong>Einf\u00fchrung<\/strong><\/p><p class=\"main\">\u00bbAnjas Tagebuch\u00ab ist ein Buch f\u00fcr Jugendliche und junge Erwachsene, die sich, wie Anja, mit dem Einfluss der digitalen Welt auf unser Leben auseinandersetzen.<br \/> Die 14-j\u00e4hrige Protagonistin m\u00f6chte f\u00fcr mindestens f\u00fcnf Tage versuchen, ohne ihr Smartphone und ohne den Kontakten in den sozialen Netzwerken auszukommen. Solange bis sie mit ihren Eltern in den Urlaub f\u00e4hrt. Die Zeit bis dahin gestaltet Anja au\u00dferhalb der bequemen vier W\u00e4nde und allein. Sie meidet Besuche bei Freunden oder Treffen in Shopping Malls, um gar nicht erst in Versuchung zu kommen. So unternimmt sie eine Sight-Seeing Tour durch Berlin, macht einen Ausflug zum Gro\u00dfen M\u00fcggelsee und besucht Museen, f\u00fcr die sie sich schon immer mal Zeit nehmen wollte. In diesen Tagen stellt Anja fest, dass sie in Situationen ger\u00e4t oder auch zu Erkenntnissen kommt, die sie nie erfahren h\u00e4tte, wenn sie mit gesenktem Kopf durch die Welt gehen w\u00fcrde. Ihrem Tagebuch vertraut sich Anja an und philosophiert \u00fcber den Einfluss der digitalen Welt auf das Verhalten der Menschen. Zum Ende kommt Anja zu dem Ergebnis, dass f\u00fcr sie folgende Regel zum Gebrauch von sozialen Netzwerken gelten soll: So wenig wie m\u00f6glich, aber so viel wie n\u00f6tig!<\/p><p>Das Cover und Back Cover wurden von mir zum ersten Mal selbst illustriert.<\/p><p>Wie in jedem von mir ver\u00f6ffentlichtem Buch stehen soziale Themen im Fokus der Geschichte. Soziale Netzwerke spielen in unserem Alltag mittlerweile eine gro\u00dfe Rolle. Dazu kommen Spiele-Apps oder im Allgemeinen Apps, die unser Leben erleichtern sollen. Nur stellt sich die berechtigte Frage, ob die digitale Welt tats\u00e4chlich nur eine unterst\u00fctzende Funktion hat oder uns in eine Abh\u00e4ngigkeit f\u00fchrt, ohne die man nicht mehr durch den Alltag k\u00e4me. Diese Frage wird in diesem Buch von der Protagonistin aufgegriffen und diskutiert.<\/p><p>\u00a0<\/p><p><strong>Leseprobe<\/strong><\/p><p class=\"main\">Leseprobe aus Kapitel 2 - Donnerstag, 21.07.2016<\/p><p>....<br \/> Ob ICH daf\u00fcr verantwortlich bin? Nun, ich wei\u00df, was du meinst. Mutti stand schon immer auf meiner Seite, ganz egal worum es ging. Und ich kann mir schon vorstellen, dass meine Challenge ihr zu denken gegeben hat. Vielleicht ist Mutti auch ein bisschen stolz, dass ihr einziges Kind sich selbst hinterfragt und nicht mit dem Strom schwimmen m\u00f6chte. Hier sollte ich vielleicht erw\u00e4hnen, dass sich ihr Kind damit aber ziemlich schwer tut.<br \/> Mutti lie\u00df dann auch nicht locker und griff Papi immer wieder an. Er sei ja richtig s\u00fcchtig nach diesem sch*** Ding und m\u00fcsse vielleicht mal \u00fcber eine Therapie nachdenken. Au\u00dferdem w\u00fcrde ein bisschen frische Luft bei einer Fahrrad-Tour ihm bestimmt guttun. Als Papi dann gar nichts mehr erwidern konnte, ging Mutti nahtlos zum Erfahrungsschatz ihrer Freundin Kati \u00fcber.<br \/> Diese eigentlich ziemlich nette Frau ist P\u00e4dagogin und erz\u00e4hlt Mutti regelm\u00e4\u00dfig Schauergeschichten \u00fcber vernachl\u00e4ssigte Kinder. Papi meint dazu immer, Kati w\u00fcrde ma\u00dflos \u00fcbertreiben und Mutti manipulieren. Heute Abend sagte er sogar, Muttis Freundin solle sich nicht wundern, wenn sie allein und kinderlos bliebe.<br \/> Das brachte das Fass zum \u00dcberlaufen, aber richtigen Streit gab es nicht. Mutti nahm Papis Smartphone vom Tisch und beide lachten. Ich fand das ziemlich peinlich und kam mir vor, als sei ICH der einzige erwachsene Mensch in der K\u00fcche. Das hatte aber zur Folge, dass Papi dann tats\u00e4chlich in den Keller ging, um nach meinem Fahrrad zu sehen.<br \/> Als ich mit Mutti alleine war, sagte sie, er w\u00e4re nicht gegangen, wenn sie ihm sein Smartphone zur\u00fcckgegeben h\u00e4tte. Das kann ich mir aber nicht vorstellen. Er w\u00e4re auch noch von sich aus runtergegangen. Ich glaube auch, dass er meine Challenge ernst nimmt und mich damit nur aufzieht, weil das seine Art ist, einem zu vermitteln, nicht immer alles so zwanghaft durchziehen zu wollen. Du wei\u00dft schon, immer von sich selbst alles zu hundert Prozent zu verlangen. Gnadenlos zu sein, oder zu hart zu sich selbst zu sein.<br \/> Oh Mann, jetzt muss ich schon wieder an meine Deutschlehrerin denken. Warum? Weil das angeblich keine Sprache einer 14-J\u00e4hrigen ist. Wahrscheinlich m\u00fcsse ich in jedem Satz, den ich sage, das Wort \u00bbAlter\u00ab mit einbauen, um glaubw\u00fcrdig zu sein. Aber vielleicht meint sie das ja auch nur gut. Das w\u00fcrde Papi ganz sicher sagen.<br \/> Jetzt muss ich dir noch erz\u00e4hlen, welche Informationen Mutti von Kati bekommen hat. Und anders als Papi kann ich mir schon vorstellen, dass das alles m\u00f6glich und \u00fcberhaupt nicht \u00fcbertrieben ist. So soll es Sch\u00fcler geben, die eine Sucht nach Video-Spielen entwickeln. Dadurch kommen sie in der Schule nicht mehr mit und haben dann Schwierigkeiten, das Abitur zu schaffen. Sehr gute Sch\u00fcler, die sich durch so einen Sch*** vielleicht ihr ganzes Leben versauen. Das ist ziemlich schlimm. Mit den sozialen Netzwerken kann ich mir das auch vorstellen. Anstatt zu lernen, investieren Sch\u00fcler (oder auch Studenten und Auszubildende) ihre Freizeit mit dem Posten von Nachrichten und Posts zu lesen. Oder eben auf dem Smartphone Spiele zu spielen, wie zum Beispiel\u00a0<i>Pok\u00e9mon Go<\/i>. Das ist ja im Moment der Renner. Sogar kleine Kinder sollen ruhelaus zu Hause hin- und hertigern, bis sie endlich mit Mamis oder Papis Tablet spielen k\u00f6nnen. Der Effekt von Lernspielen scheint also doch nicht so gut zu sein, zumindest nicht wie erhofft.<br \/> Als Papi dann Minuten sp\u00e4ter aus dem Keller kam, sagte er etwas, was Mutti und mich zum Lachen brachte. Papi wollte doch tats\u00e4chlich sein Smartphone haben, weil er im Internet recherchieren wolle, wie man Fahrradschl\u00e4uche flicken kann. Es war ganz klar ein Scherz. Papi hatte noch nie Probleme gehabt, unsere R\u00e4der einsatzf\u00e4hig zu machen.<br \/> Sicher ist ein \u00bbgriffbereiter\u00ab Zugang zum Internet manchmal sehr hilfreich, wenn man so schnell wie m\u00f6glich an Informationen gelangen m\u00f6chte, wie zum Beispiel das Stra\u00dfennetz einer Stadt, in der man sich nicht auskennt. Aber selbst f\u00fcr die kleinsten Kleinigkeiten eine App? Nein, ich finde das \u00fcbertrieben.<br \/> Du solltest jetzt mal die Ger\u00e4usche h\u00f6ren, die aus der Wohnung \u00fcber uns nach unten schallen. Selbst die Mieter unter uns nehmen den Krach der H\u00f6hlenmenschen war. Morgen Fr\u00fch wird Papi \u00bb190 Tage\u00ab rufen. Und auch ich habe schon l\u00e4ngst angefangen, mir vorzustellen, wie es in der neuen Wohnung sein wird. Mal richtig ausschlafen, in Ruhe ein Buch lesen \u2013 in Ruhe ein Tagebuch schreiben!<br \/> Als ich dann zu Bett gehen wollte, sagte Papi noch was ganz Tolles. Ja, genau, irgendwie hat ihn heute die Muse gek\u00fcsst. Vielleicht war es auch nur Mutti \u2013 ha, ha. Jedenfalls meinte er, ich solle mich nie von dem Verhalten anderer in meinem eigenen beeinflussen lassen. Nicht von den H\u00f6hlenmenschen, nicht von den Frauen vom \u00bbB\u00e4cker um die Ecke\u00ab oder von den Smartphone-Junkies, die gegen Stra\u00dfenschilder laufen oder \u00fcber ihre eigenen Beine stolpern. Solange man mit sich selbst im Reinen sei, k\u00f6nne einem nichts anhaben oder wehtun. Selbst wenn man Fehler mache. Wenn es die eigenen seien, unbeeinflusst von au\u00dfen, k\u00f6nne man mit dem dann verursachten Problem einfach besser umgehen.<br \/> In diesem Sinne w\u00fcnsche ich dir eine ruhige Nacht. Bis morgen, Anja.<br \/> ...<\/p><p><em>Unverk\u00e4ufliche Leseprobe des Doreen Gehrke Verlags. Die Verwendung dieser Leseprobe, ob nun auszugsweise oder in vollem Umfang, ist ohne schriftlicher Zustimmung des Doreen Gehrke Verlags urheberrechtswidrig. Auch eine \u00dcbersetzung der Leseprobe sowie die Verwendung in elektronischen Systemen ist strafbar.<\/em><\/p><p>\u00a0<\/p><p><strong>Back Cover<\/strong><\/p><p class=\"main\">Print-Exemplare haben neben einem Cover auch eine Abbildung auf der Buchr\u00fcckseite \u2013 das Back Cover. Bei E-Books sollte diese Illustration nicht fehlen und ist in \u00bbAnjas Tagebuch\u00ab als Back Cover abrufbar. Ich habe die Abbildung im gleichen Stil wie das Cover erstellt \u2013 schwarze Silhouetten auf farbigem Hintergrund. Die Pflanze umrahmt hier sogar die gesamte Bildfl\u00e4che. Symbolisch wird dabei Anjas unmittelbare Umgebung von ihr ganz ausgeschlossen. Die Szenerie erinnert an eine Situation, die im Text beschrieben ist. An einem Ferientag macht Anja mit ihrem Fahrrad einen Ausflug. Sie legt in einem Park eine Pause ein und wird dort mit dem konfrontiert, was sie in ihrer Challenge meidet \u2013 das Smartphone als st\u00e4ndiger Begleiter und Bestimmer im Tagesgeschehen. Alles scheint wichtiger zu sein, als sich mit dem auseinander zu setzen, was einem am n\u00e4chsten ist \u2013 die eigenen Gedanken.<\/p><p><img src=\"http:\/\/doreen-gehrke-verlag.de\/Anjas_Tagebuch_Backcover_Lucida_12.5.jpg\" width=\"90%\" height=\"90%\" \/><\/p><p>\u00a0<\/p>","_et_gb_content_width":"","jetpack_post_was_ever_published":false,"footnotes":""},"class_list":["post-118","page","type-page","status-publish","hentry"],"acf":[],"jetpack_sharing_enabled":true,"jetpack_shortlink":"https:\/\/wp.me\/P9Ec4h-1U","_links":{"self":[{"href":"https:\/\/www.doreen-gehrke-verlag.de\/index.php?rest_route=\/wp\/v2\/pages\/118","targetHints":{"allow":["GET"]}}],"collection":[{"href":"https:\/\/www.doreen-gehrke-verlag.de\/index.php?rest_route=\/wp\/v2\/pages"}],"about":[{"href":"https:\/\/www.doreen-gehrke-verlag.de\/index.php?rest_route=\/wp\/v2\/types\/page"}],"author":[{"embeddable":true,"href":"https:\/\/www.doreen-gehrke-verlag.de\/index.php?rest_route=\/wp\/v2\/users\/1"}],"replies":[{"embeddable":true,"href":"https:\/\/www.doreen-gehrke-verlag.de\/index.php?rest_route=%2Fwp%2Fv2%2Fcomments&post=118"}],"version-history":[{"count":15,"href":"https:\/\/www.doreen-gehrke-verlag.de\/index.php?rest_route=\/wp\/v2\/pages\/118\/revisions"}],"predecessor-version":[{"id":7108,"href":"https:\/\/www.doreen-gehrke-verlag.de\/index.php?rest_route=\/wp\/v2\/pages\/118\/revisions\/7108"}],"wp:attachment":[{"href":"https:\/\/www.doreen-gehrke-verlag.de\/index.php?rest_route=%2Fwp%2Fv2%2Fmedia&parent=118"}],"curies":[{"name":"wp","href":"https:\/\/api.w.org\/{rel}","templated":true}]}}